{"id":51157,"date":"2024-01-10T12:30:27","date_gmt":"2024-01-10T10:30:27","guid":{"rendered":"https:\/\/www.ibizadiferente.com\/properties\/san-augustin-5\/"},"modified":"2024-10-28T15:06:00","modified_gmt":"2024-10-28T13:06:00","slug":"san-augustin-5","status":"publish","type":"estate_property","link":"https:\/\/www.ibizadiferente.com\/es\/properties\/san-augustin-5\/","title":{"rendered":"Villa Augustin"},"content":{"rendered":"<p>Hermosa villa moderna situada en las colinas de San Agust\u00edn.<\/p>\n<p>Esta villa de calidad est\u00e1 muy aislada pero sigue siendo de f\u00e1cil acceso y goza de impresionantes vistas al mar y a la impresionante puesta de sol de Ibiza.<br \/>El estilo de la villa es moderno y minimalista con grandes acabados y hay una piscina infinita frente al mar.<\/p>\n<p>La Villa se encuentra a s\u00f3lo 20 minutos de Ibiza y est\u00e1 inmersa en el campo ibicenco.<\/p>\n<p>La villa es muy espaciosa y tiene 6 dormitorios en suite y tiene un gran espacio al aire libre.la villa es muy privada y tiene 2 plantas.<\/p>\n<p><strong>Precios 2025 por semana:<\/strong><\/p>\n<table dir=\"ltr\" style=\"height: 1246px;\" border=\"1\" width=\"451\" cellspacing=\"0\" cellpadding=\"0\" data-sheets-root=\"1\" data-sheets-baot=\"1\"><colgroup><col width=\"161\" \/><col width=\"166\" \/><\/colgroup>\n<tbody>\n<tr>\n<td>29-mar - 4-abril<\/td>\n<td>\u20ac 9.300<\/td>\n<\/tr>\n<tr>\n<td>5-abril - 11-abril<\/td>\n<td>\u20ac 9.850<\/td>\n<\/tr>\n<tr>\n<td>12-abril - 18-abril<\/td>\n<td>\u20ac 10.450<\/td>\n<\/tr>\n<tr>\n<td>19-abril - 25-abril<\/td>\n<td>\u20ac 11.050<\/td>\n<\/tr>\n<tr>\n<td>26 de abril - 2 de mayo<\/td>\n<td>\u20ac 11.650<\/td>\n<\/tr>\n<tr>\n<td><strong>Mayo<\/strong><\/td>\n<td>\u00a0<\/td>\n<\/tr>\n<tr>\n<td>3-mayo - 9-mayo<\/td>\n<td>\u20ac 12.250<\/td>\n<\/tr>\n<tr>\n<td>10-mayo - 16-mayo<\/td>\n<td>\u20ac 12.800<\/td>\n<\/tr>\n<tr>\n<td>17-mayo - 23-mayo<\/td>\n<td>\u20ac 13.400<\/td>\n<\/tr>\n<tr>\n<td>24-mayo - 30-mayo<\/td>\n<td>\u20ac 14.150<\/td>\n<\/tr>\n<tr>\n<td>31-mayo - 6-junio<\/td>\n<td>\u20ac 14.900<\/td>\n<\/tr>\n<tr>\n<td><strong>Junio<\/strong><\/td>\n<td>\u00a0<\/td>\n<\/tr>\n<tr>\n<td>7-jun - 13-jun<\/td>\n<td>\u20ac 15.800<\/td>\n<\/tr>\n<tr>\n<td>14-jun - 20-jun<\/td>\n<td>\u20ac 16.700<\/td>\n<\/tr>\n<tr>\n<td>21-jun - 27-jun<\/td>\n<td>\u20ac 17.550<\/td>\n<\/tr>\n<tr>\n<td>28-jun - 4-jul<\/td>\n<td>\u20ac 18.450<\/td>\n<\/tr>\n<tr>\n<td><strong>Julio<\/strong><\/td>\n<td>\u00a0<\/td>\n<\/tr>\n<tr>\n<td>5-jul - 11-jul<\/td>\n<td>\u20ac 19.350<\/td>\n<\/tr>\n<tr>\n<td>12-jul - 18-jul<\/td>\n<td>\u20ac 20.400<\/td>\n<\/tr>\n<tr>\n<td>19-jul - 25-jul<\/td>\n<td>\u20ac 21.400<\/td>\n<\/tr>\n<tr>\n<td>26-jul - 1-ago<\/td>\n<td>\u20ac 21.400<\/td>\n<\/tr>\n<tr>\n<td><strong>Agosto<\/strong><\/td>\n<td>\u00a0<\/td>\n<\/tr>\n<tr>\n<td>2-agosto - 8-agosto<\/td>\n<td>\u20ac 21.400<\/td>\n<\/tr>\n<tr>\n<td>9-ago - 15-ago<\/td>\n<td>\u20ac 20.500<\/td>\n<\/tr>\n<tr>\n<td>16 agosto - 22 agosto<\/td>\n<td>\u20ac 19.650<\/td>\n<\/tr>\n<tr>\n<td>23 agosto - 29 agosto<\/td>\n<td>\u20ac 18.750<\/td>\n<\/tr>\n<tr>\n<td><strong>Septiembre<\/strong><\/td>\n<td>\u00a0<\/td>\n<\/tr>\n<tr>\n<td>30 agosto - 5 septiembre<\/td>\n<td>\u20ac 17.850<\/td>\n<\/tr>\n<tr>\n<td>6 sept - 12 sept<\/td>\n<td>\u20ac 16.850<\/td>\n<\/tr>\n<tr>\n<td>13 sept - 19 sept<\/td>\n<td>\u20ac 15.800<\/td>\n<\/tr>\n<tr>\n<td>20 sept - 26 sept<\/td>\n<td>\u20ac 14.600<\/td>\n<\/tr>\n<tr>\n<td><strong>Octubre<\/strong><\/td>\n<td>\u00a0<\/td>\n<\/tr>\n<tr>\n<td>27 sept - 3 oct<\/td>\n<td>\u20ac 13.450<\/td>\n<\/tr>\n<tr>\n<td>4 oct - 10 oct<\/td>\n<td>\u20ac 12.100<\/td>\n<\/tr>\n<tr>\n<td>11 oct - 17 oct<\/td>\n<td>\u20ac 10.750<\/td>\n<\/tr>\n<tr>\n<td>18 oct - 24 oct<\/td>\n<td>\u20ac 9.250<\/td>\n<\/tr>\n<tr>\n<td>\u00a0<\/td>\n<td>\u00a0<\/td>\n<\/tr>\n<\/tbody>\n<\/table>\n\n\n<p>Dep\u00f3sito de seguridad: 3.000<\/p>","protected":false},"excerpt":{"rendered":"<p>Hermosa villa moderna situada en las colinas de San Agust\u00edn. Esta villa de calidad es muy aislado, pero a\u00fan as\u00ed de f\u00e1cil acceso y goza de impresionantes vistas al mar y la puesta de sol de Ibiza impresionante.el estilo de la villa es moderno y minimalista con tiene un gran acabado y hay una piscina infinita frente al mar. La Villa se encuentra a s\u00f3lo 20 minutos de Ibiza y ...<\/p>","protected":false},"featured_media":51134,"comment_status":"open","ping_status":"closed","template":"","property_category":[145],"property_action_category":[250],"property_city":[252],"property_area":[],"property_county_state":[152],"property_features":[],"property_status":[],"class_list":["post-51157","estate_property","type-estate_property","status-publish","has-post-thumbnail","hentry","property_category-modern-villas","property_action_category-rent","property_city-san-augustin","property_county_state-san-jose"],"_links":{"self":[{"href":"https:\/\/www.ibizadiferente.com\/es\/wp-json\/wp\/v2\/estate_property\/51157","targetHints":{"allow":["GET"]}}],"collection":[{"href":"https:\/\/www.ibizadiferente.com\/es\/wp-json\/wp\/v2\/estate_property"}],"about":[{"href":"https:\/\/www.ibizadiferente.com\/es\/wp-json\/wp\/v2\/types\/estate_property"}],"replies":[{"embeddable":true,"href":"https:\/\/www.ibizadiferente.com\/es\/wp-json\/wp\/v2\/comments?post=51157"}],"version-history":[{"count":9,"href":"https:\/\/www.ibizadiferente.com\/es\/wp-json\/wp\/v2\/estate_property\/51157\/revisions"}],"predecessor-version":[{"id":57182,"href":"https:\/\/www.ibizadiferente.com\/es\/wp-json\/wp\/v2\/estate_property\/51157\/revisions\/57182"}],"wp:featuredmedia":[{"embeddable":true,"href":"https:\/\/www.ibizadiferente.com\/es\/wp-json\/wp\/v2\/media\/51134"}],"wp:attachment":[{"href":"https:\/\/www.ibizadiferente.com\/es\/wp-json\/wp\/v2\/media?parent=51157"}],"wp:term":[{"taxonomy":"property_category","embeddable":true,"href":"https:\/\/www.ibizadiferente.com\/es\/wp-json\/wp\/v2\/property_category?post=51157"},{"taxonomy":"property_action_category","embeddable":true,"href":"https:\/\/www.ibizadiferente.com\/es\/wp-json\/wp\/v2\/property_action_category?post=51157"},{"taxonomy":"property_city","embeddable":true,"href":"https:\/\/www.ibizadiferente.com\/es\/wp-json\/wp\/v2\/property_city?post=51157"},{"taxonomy":"property_area","embeddable":true,"href":"https:\/\/www.ibizadiferente.com\/es\/wp-json\/wp\/v2\/property_area?post=51157"},{"taxonomy":"property_county_state","embeddable":true,"href":"https:\/\/www.ibizadiferente.com\/es\/wp-json\/wp\/v2\/property_county_state?post=51157"},{"taxonomy":"property_features","embeddable":true,"href":"https:\/\/www.ibizadiferente.com\/es\/wp-json\/wp\/v2\/property_features?post=51157"},{"taxonomy":"property_status","embeddable":true,"href":"https:\/\/www.ibizadiferente.com\/es\/wp-json\/wp\/v2\/property_status?post=51157"}],"curies":[{"name":"wp","href":"https:\/\/api.w.org\/{rel}","templated":true}]}}